{"id":1634,"date":"2025-11-02T22:23:57","date_gmt":"2025-11-03T01:23:57","guid":{"rendered":"https:\/\/edicionesdelpuente.com.ar\/delpuente\/?post_type=product&#038;p=1634"},"modified":"2025-11-02T22:48:57","modified_gmt":"2025-11-03T01:48:57","slug":"era-la-vida","status":"publish","type":"product","link":"https:\/\/edicionesdelpuente.com.ar\/delpuente\/producto\/era-la-vida\/","title":{"rendered":"Era la vida"},"content":{"rendered":"<p style=\"text-align: left\">\u00bfQu\u00e9 es la enfermedad? \u00bfQu\u00e9 pasa con aquello que acecha en el cuerpo y asusta? C\u00f3mo es que una mujer adulta le hace frente al mismo c\u00e1ncer que dej\u00f3 sin vida a su marido. C\u00f3mo es que la vida traza ciertas l\u00edneas azarosas, malditas.<br \/>\nEn esta novela breve de Isabel Battistini, la enfermedad es una posibilidad. Una pendiente por la que subimos y bajamos para tomar perspectiva. La mujer de esta historia es madre, viuda, trabajadora, amiga. Entonces, \u00bfqui\u00e9nes somos las mujeres cuando somos tantas a la vez? \u00bfQu\u00e9 dejamos de lado para ser tantas a la vez?<br \/>\nIsabel Battistini escribe este relato con el coraje para mostrarnos que el c\u00e1ncer es una tragedia y, a la vez, una puerta que se entreabre para observar la vida y observarse. La protagonista recorre salas de espera e intervenciones pero, tambi\u00e9n, los largos pasillos de la infancia, los anhelos de madre, el miedo, el dolor f\u00edsico, el alivio con las amigas en la adultez, los viajes y el descanso.<br \/>\nEsta novela nos dice que quiz\u00e1s la muerte sea ese animal dormido que reposa en vigilia. Que quiz\u00e1s la vida sea la posibilidad de contar historias para mantener domado a ese animal salvaje. Que la literatura, y este libro, nos ofrece un espacio infinito de conexi\u00f3n sensible con los dem\u00e1s.<br \/>\nQue se escribe porque se vive y si se vive hay historias preciosas y crudas, como Era la vida, para contar y para leer.<br \/>\n<strong><em>Leticia Mart\u00ednez<\/em><\/strong><\/p>\n","protected":false},"excerpt":{"rendered":"<h6><strong>Autora:<\/strong> Isabel Battistini<br \/>\n<strong>ISBN:<\/strong> 9786316534439<br \/>\n<strong>Fecha de Publicaci\u00f3n:<\/strong> octubre de 2025<br \/>\n<strong>86<\/strong> p\u00e1ginas<br \/>\n<strong>Formato:<\/strong> 15 cm x 21 cm<\/h6>\n<p>&nbsp;<\/p>\n<p>&nbsp;<\/p>\n","protected":false},"featured_media":1635,"template":"","meta":[],"yoast_head":"<!-- This site is optimized with the Yoast SEO plugin v16.1.1 - https:\/\/yoast.com\/wordpress\/plugins\/seo\/ -->\n<title>Era la vida &ndash; Ediciones Del Puente<\/title>\n<link rel=\"canonical\" href=\"https:\/\/edicionesdelpuente.com.ar\/delpuente\/producto\/era-la-vida\/\" \/>\n<meta property=\"og:locale\" content=\"es_ES\" \/>\n<meta property=\"og:type\" content=\"article\" \/>\n<meta property=\"og:title\" content=\"Era la vida &ndash; Ediciones Del Puente\" \/>\n<meta property=\"og:description\" content=\"Autora: Isabel Battistini ISBN: 9786316534439 Fecha de Publicaci\u00f3n: octubre de 2025 86 p\u00e1ginas Formato: 15 cm x 21 cm &nbsp;  &nbsp;\" \/>\n<meta property=\"og:url\" content=\"https:\/\/edicionesdelpuente.com.ar\/delpuente\/producto\/era-la-vida\/\" \/>\n<meta property=\"og:site_name\" content=\"Ediciones Del Puente\" \/>\n<meta property=\"article:publisher\" content=\"https:\/\/www.facebook.com\/edicionesdelpuente\/\" \/>\n<meta property=\"article:modified_time\" content=\"2025-11-03T01:48:57+00:00\" \/>\n<meta property=\"og:image\" content=\"https:\/\/edicionesdelpuente.com.ar\/delpuente\/wp-content\/uploads\/2025\/11\/tapa-web-era-la-vida-683x1024.png\" \/>\n\t<meta property=\"og:image:width\" content=\"683\" \/>\n\t<meta property=\"og:image:height\" content=\"1024\" \/>\n<meta name=\"twitter:card\" content=\"summary_large_image\" \/>\n<meta name=\"twitter:label1\" content=\"Tiempo de lectura\">\n\t<meta name=\"twitter:data1\" content=\"2 minutos\">\n<script type=\"application\/ld+json\" class=\"yoast-schema-graph\">{\"@context\":\"https:\/\/schema.org\",\"@graph\":[{\"@type\":\"Organization\",\"@id\":\"https:\/\/edicionesdelpuente.com.ar\/delpuente\/#organization\",\"name\":\"Ediciones Del Puente\",\"url\":\"https:\/\/edicionesdelpuente.com.ar\/delpuente\/\",\"sameAs\":[\"https:\/\/www.facebook.com\/edicionesdelpuente\/\",\"https:\/\/www.instagram.com\/edicionesdelpuente\/\"],\"logo\":{\"@type\":\"ImageObject\",\"@id\":\"https:\/\/edicionesdelpuente.com.ar\/delpuente\/#logo\",\"inLanguage\":\"es-AR\",\"url\":\"https:\/\/edicionesdelpuente.com.ar\/delpuente\/wp-content\/uploads\/2021\/03\/isologo-delpuente-adpt-1.png\",\"contentUrl\":\"https:\/\/edicionesdelpuente.com.ar\/delpuente\/wp-content\/uploads\/2021\/03\/isologo-delpuente-adpt-1.png\",\"width\":330,\"height\":275,\"caption\":\"Ediciones Del Puente\"},\"image\":{\"@id\":\"https:\/\/edicionesdelpuente.com.ar\/delpuente\/#logo\"}},{\"@type\":\"WebSite\",\"@id\":\"https:\/\/edicionesdelpuente.com.ar\/delpuente\/#website\",\"url\":\"https:\/\/edicionesdelpuente.com.ar\/delpuente\/\",\"name\":\"Ediciones Del Puente\",\"description\":\"Editorial\",\"publisher\":{\"@id\":\"https:\/\/edicionesdelpuente.com.ar\/delpuente\/#organization\"},\"potentialAction\":[{\"@type\":\"SearchAction\",\"target\":\"https:\/\/edicionesdelpuente.com.ar\/delpuente\/?s={search_term_string}\",\"query-input\":\"required name=search_term_string\"}],\"inLanguage\":\"es-AR\"},{\"@type\":\"ImageObject\",\"@id\":\"https:\/\/edicionesdelpuente.com.ar\/delpuente\/producto\/era-la-vida\/#primaryimage\",\"inLanguage\":\"es-AR\",\"url\":\"https:\/\/edicionesdelpuente.com.ar\/delpuente\/wp-content\/uploads\/2025\/11\/tapa-web-era-la-vida.png\",\"contentUrl\":\"https:\/\/edicionesdelpuente.com.ar\/delpuente\/wp-content\/uploads\/2025\/11\/tapa-web-era-la-vida.png\",\"width\":1655,\"height\":2482},{\"@type\":\"WebPage\",\"@id\":\"https:\/\/edicionesdelpuente.com.ar\/delpuente\/producto\/era-la-vida\/#webpage\",\"url\":\"https:\/\/edicionesdelpuente.com.ar\/delpuente\/producto\/era-la-vida\/\",\"name\":\"Era la vida &ndash; Ediciones Del Puente\",\"isPartOf\":{\"@id\":\"https:\/\/edicionesdelpuente.com.ar\/delpuente\/#website\"},\"primaryImageOfPage\":{\"@id\":\"https:\/\/edicionesdelpuente.com.ar\/delpuente\/producto\/era-la-vida\/#primaryimage\"},\"datePublished\":\"2025-11-03T01:23:57+00:00\",\"dateModified\":\"2025-11-03T01:48:57+00:00\",\"breadcrumb\":{\"@id\":\"https:\/\/edicionesdelpuente.com.ar\/delpuente\/producto\/era-la-vida\/#breadcrumb\"},\"inLanguage\":\"es-AR\",\"potentialAction\":[{\"@type\":\"ReadAction\",\"target\":[\"https:\/\/edicionesdelpuente.com.ar\/delpuente\/producto\/era-la-vida\/\"]}]},{\"@type\":\"BreadcrumbList\",\"@id\":\"https:\/\/edicionesdelpuente.com.ar\/delpuente\/producto\/era-la-vida\/#breadcrumb\",\"itemListElement\":[{\"@type\":\"ListItem\",\"position\":1,\"item\":{\"@type\":\"WebPage\",\"@id\":\"https:\/\/edicionesdelpuente.com.ar\/delpuente\/\",\"url\":\"https:\/\/edicionesdelpuente.com.ar\/delpuente\/\",\"name\":\"Inicio\"}},{\"@type\":\"ListItem\",\"position\":2,\"item\":{\"@type\":\"WebPage\",\"@id\":\"https:\/\/edicionesdelpuente.com.ar\/delpuente\/tienda\/\",\"url\":\"https:\/\/edicionesdelpuente.com.ar\/delpuente\/tienda\/\",\"name\":\"Cat\\u00e1logo\"}},{\"@type\":\"ListItem\",\"position\":3,\"item\":{\"@type\":\"WebPage\",\"@id\":\"https:\/\/edicionesdelpuente.com.ar\/delpuente\/producto\/era-la-vida\/\",\"url\":\"https:\/\/edicionesdelpuente.com.ar\/delpuente\/producto\/era-la-vida\/\",\"name\":\"Era la vida\"}}]}]}<\/script>\n<!-- \/ Yoast SEO plugin. -->","_links":{"self":[{"href":"https:\/\/edicionesdelpuente.com.ar\/delpuente\/wp-json\/wp\/v2\/product\/1634"}],"collection":[{"href":"https:\/\/edicionesdelpuente.com.ar\/delpuente\/wp-json\/wp\/v2\/product"}],"about":[{"href":"https:\/\/edicionesdelpuente.com.ar\/delpuente\/wp-json\/wp\/v2\/types\/product"}],"wp:featuredmedia":[{"embeddable":true,"href":"https:\/\/edicionesdelpuente.com.ar\/delpuente\/wp-json\/wp\/v2\/media\/1635"}],"wp:attachment":[{"href":"https:\/\/edicionesdelpuente.com.ar\/delpuente\/wp-json\/wp\/v2\/media?parent=1634"}],"curies":[{"name":"wp","href":"https:\/\/api.w.org\/{rel}","templated":true}]}}