{"id":1605,"date":"2025-07-07T18:52:48","date_gmt":"2025-07-07T21:52:48","guid":{"rendered":"https:\/\/edicionesdelpuente.com.ar\/delpuente\/?post_type=product&#038;p=1605"},"modified":"2025-09-15T23:07:02","modified_gmt":"2025-09-16T02:07:02","slug":"espacio-tiempo-y-engano","status":"publish","type":"product","link":"https:\/\/edicionesdelpuente.com.ar\/delpuente\/producto\/espacio-tiempo-y-engano\/","title":{"rendered":"Espacio, tiempo y enga\u00f1o"},"content":{"rendered":"<p style=\"text-align: left\">En este libro, Juan Jos\u00e9 Miras, el escritor, que a s\u00ed mismo se nombra &#8220;el autor&#8221; se dispone a compartir -casi como en una reuni\u00f3n de amigos- su visi\u00f3n de la vida, sus lecturas, sus pasiones y con ello, inevitablemente, la vereda que ha elegido para transitar por estos espacios, en tiempos donde el enga\u00f1o se disfraza de cordero.<br \/>\nY desde all\u00ed nos invita a acompa\u00f1arlo, nos involucra en un &#8220;nosotros&#8221; para avanzar por un camino -una estructura \u00adsin distracciones, con textos breves, bien se\u00f1alizados y que hace a la fluidez de la lectura.<br \/>\nPresente en cada p\u00e1gina, opinando, compartiendo pasiones y admiraciones -el f\u00fatbol, la m\u00fasica, Quino, Les Luthiers, Dolina, entre otros- Juanjo se mueve libremente en una escritura que a veces ensaya, a veces poetiza, a veces narra y siempre nos alcanza.<br \/>\n<em>Bachi Salas<\/em>.<\/p>\n","protected":false},"excerpt":{"rendered":"<h6><strong>Autor:<\/strong> Juanjo Miras<br \/>\n<strong>ISBN:<\/strong> 9786316534330<br \/>\n<strong>Fecha de Publicaci\u00f3n:<\/strong> julio de 2025<br \/>\n<strong>124<\/strong>\u00a0p\u00e1ginas<br \/>\n<strong>Formato:<\/strong> 15 cm x 21 cm<\/h6>\n<p>[vc_empty_space height=&#8221;20px&#8221;]<\/p>\n[button size='' style='' text='Le\u00e9 las primeras p\u00e1ginas' icon='fa-download' icon_color='#ffffff' link='https:\/\/edicionesdelpuente.com.ar\/delpuente\/wp-content\/uploads\/2025\/09\/Espacio-tiempo-y-engano-prologo.pdf' target='_blank' color='#FFFFFF' hover_color='#FFFFFF' border_color='#B5B5B5' hover_border_color='#06ABBA' background_color='#B5B5B5' hover_background_color='#06ABBA' font_style='normal' font_weight='600' text_align='center' margin='']\n<p>&nbsp;<\/p>\n","protected":false},"featured_media":1606,"template":"","meta":[],"yoast_head":"<!-- This site is optimized with the Yoast SEO plugin v16.1.1 - https:\/\/yoast.com\/wordpress\/plugins\/seo\/ -->\n<title>Espacio, tiempo y enga\u00f1o &ndash; Ediciones Del Puente<\/title>\n<link rel=\"canonical\" href=\"https:\/\/edicionesdelpuente.com.ar\/delpuente\/producto\/espacio-tiempo-y-engano\/\" \/>\n<meta property=\"og:locale\" content=\"es_ES\" \/>\n<meta property=\"og:type\" content=\"article\" \/>\n<meta property=\"og:title\" content=\"Espacio, tiempo y enga\u00f1o &ndash; Ediciones Del Puente\" \/>\n<meta property=\"og:description\" content=\"Autor: Juanjo Miras ISBN: 9786316534330 Fecha de Publicaci\u00f3n: julio de 2025 124\u00a0p\u00e1ginas Formato: 15 cm x 21 cm [vc_empty_space height=&quot;20px&quot;]    &nbsp;\" \/>\n<meta property=\"og:url\" content=\"https:\/\/edicionesdelpuente.com.ar\/delpuente\/producto\/espacio-tiempo-y-engano\/\" \/>\n<meta property=\"og:site_name\" content=\"Ediciones Del Puente\" \/>\n<meta property=\"article:publisher\" content=\"https:\/\/www.facebook.com\/edicionesdelpuente\/\" \/>\n<meta property=\"article:modified_time\" content=\"2025-09-16T02:07:02+00:00\" \/>\n<meta property=\"og:image\" content=\"https:\/\/edicionesdelpuente.com.ar\/delpuente\/wp-content\/uploads\/2025\/07\/Espacio-tiempo-y-engano-tapa-web-01.png\" \/>\n\t<meta property=\"og:image:width\" content=\"892\" \/>\n\t<meta property=\"og:image:height\" content=\"1241\" \/>\n<meta name=\"twitter:card\" content=\"summary_large_image\" \/>\n<meta name=\"twitter:label1\" content=\"Tiempo de lectura\">\n\t<meta name=\"twitter:data1\" content=\"1 minuto\">\n<script type=\"application\/ld+json\" class=\"yoast-schema-graph\">{\"@context\":\"https:\/\/schema.org\",\"@graph\":[{\"@type\":\"Organization\",\"@id\":\"https:\/\/edicionesdelpuente.com.ar\/delpuente\/#organization\",\"name\":\"Ediciones Del Puente\",\"url\":\"https:\/\/edicionesdelpuente.com.ar\/delpuente\/\",\"sameAs\":[\"https:\/\/www.facebook.com\/edicionesdelpuente\/\",\"https:\/\/www.instagram.com\/edicionesdelpuente\/\"],\"logo\":{\"@type\":\"ImageObject\",\"@id\":\"https:\/\/edicionesdelpuente.com.ar\/delpuente\/#logo\",\"inLanguage\":\"es-AR\",\"url\":\"https:\/\/edicionesdelpuente.com.ar\/delpuente\/wp-content\/uploads\/2021\/03\/isologo-delpuente-adpt-1.png\",\"contentUrl\":\"https:\/\/edicionesdelpuente.com.ar\/delpuente\/wp-content\/uploads\/2021\/03\/isologo-delpuente-adpt-1.png\",\"width\":330,\"height\":275,\"caption\":\"Ediciones Del Puente\"},\"image\":{\"@id\":\"https:\/\/edicionesdelpuente.com.ar\/delpuente\/#logo\"}},{\"@type\":\"WebSite\",\"@id\":\"https:\/\/edicionesdelpuente.com.ar\/delpuente\/#website\",\"url\":\"https:\/\/edicionesdelpuente.com.ar\/delpuente\/\",\"name\":\"Ediciones Del Puente\",\"description\":\"Editorial\",\"publisher\":{\"@id\":\"https:\/\/edicionesdelpuente.com.ar\/delpuente\/#organization\"},\"potentialAction\":[{\"@type\":\"SearchAction\",\"target\":\"https:\/\/edicionesdelpuente.com.ar\/delpuente\/?s={search_term_string}\",\"query-input\":\"required name=search_term_string\"}],\"inLanguage\":\"es-AR\"},{\"@type\":\"ImageObject\",\"@id\":\"https:\/\/edicionesdelpuente.com.ar\/delpuente\/producto\/espacio-tiempo-y-engano\/#primaryimage\",\"inLanguage\":\"es-AR\",\"url\":\"https:\/\/edicionesdelpuente.com.ar\/delpuente\/wp-content\/uploads\/2025\/07\/Espacio-tiempo-y-engano-tapa-web-01.png\",\"contentUrl\":\"https:\/\/edicionesdelpuente.com.ar\/delpuente\/wp-content\/uploads\/2025\/07\/Espacio-tiempo-y-engano-tapa-web-01.png\",\"width\":892,\"height\":1241},{\"@type\":\"WebPage\",\"@id\":\"https:\/\/edicionesdelpuente.com.ar\/delpuente\/producto\/espacio-tiempo-y-engano\/#webpage\",\"url\":\"https:\/\/edicionesdelpuente.com.ar\/delpuente\/producto\/espacio-tiempo-y-engano\/\",\"name\":\"Espacio, tiempo y enga\\u00f1o &ndash; Ediciones Del Puente\",\"isPartOf\":{\"@id\":\"https:\/\/edicionesdelpuente.com.ar\/delpuente\/#website\"},\"primaryImageOfPage\":{\"@id\":\"https:\/\/edicionesdelpuente.com.ar\/delpuente\/producto\/espacio-tiempo-y-engano\/#primaryimage\"},\"datePublished\":\"2025-07-07T21:52:48+00:00\",\"dateModified\":\"2025-09-16T02:07:02+00:00\",\"breadcrumb\":{\"@id\":\"https:\/\/edicionesdelpuente.com.ar\/delpuente\/producto\/espacio-tiempo-y-engano\/#breadcrumb\"},\"inLanguage\":\"es-AR\",\"potentialAction\":[{\"@type\":\"ReadAction\",\"target\":[\"https:\/\/edicionesdelpuente.com.ar\/delpuente\/producto\/espacio-tiempo-y-engano\/\"]}]},{\"@type\":\"BreadcrumbList\",\"@id\":\"https:\/\/edicionesdelpuente.com.ar\/delpuente\/producto\/espacio-tiempo-y-engano\/#breadcrumb\",\"itemListElement\":[{\"@type\":\"ListItem\",\"position\":1,\"item\":{\"@type\":\"WebPage\",\"@id\":\"https:\/\/edicionesdelpuente.com.ar\/delpuente\/\",\"url\":\"https:\/\/edicionesdelpuente.com.ar\/delpuente\/\",\"name\":\"Inicio\"}},{\"@type\":\"ListItem\",\"position\":2,\"item\":{\"@type\":\"WebPage\",\"@id\":\"https:\/\/edicionesdelpuente.com.ar\/delpuente\/tienda\/\",\"url\":\"https:\/\/edicionesdelpuente.com.ar\/delpuente\/tienda\/\",\"name\":\"Cat\\u00e1logo\"}},{\"@type\":\"ListItem\",\"position\":3,\"item\":{\"@type\":\"WebPage\",\"@id\":\"https:\/\/edicionesdelpuente.com.ar\/delpuente\/producto\/espacio-tiempo-y-engano\/\",\"url\":\"https:\/\/edicionesdelpuente.com.ar\/delpuente\/producto\/espacio-tiempo-y-engano\/\",\"name\":\"Espacio, tiempo y enga\\u00f1o\"}}]}]}<\/script>\n<!-- \/ Yoast SEO plugin. -->","_links":{"self":[{"href":"https:\/\/edicionesdelpuente.com.ar\/delpuente\/wp-json\/wp\/v2\/product\/1605"}],"collection":[{"href":"https:\/\/edicionesdelpuente.com.ar\/delpuente\/wp-json\/wp\/v2\/product"}],"about":[{"href":"https:\/\/edicionesdelpuente.com.ar\/delpuente\/wp-json\/wp\/v2\/types\/product"}],"wp:featuredmedia":[{"embeddable":true,"href":"https:\/\/edicionesdelpuente.com.ar\/delpuente\/wp-json\/wp\/v2\/media\/1606"}],"wp:attachment":[{"href":"https:\/\/edicionesdelpuente.com.ar\/delpuente\/wp-json\/wp\/v2\/media?parent=1605"}],"curies":[{"name":"wp","href":"https:\/\/api.w.org\/{rel}","templated":true}]}}